{"id":1235,"date":"2017-09-19T18:43:22","date_gmt":"2017-09-19T16:43:22","guid":{"rendered":"http:\/\/osfm-sport.splet.arnes.si\/?page_id=1235"},"modified":"2019-05-17T00:35:40","modified_gmt":"2019-05-16T22:35:40","slug":"uspehi-2017-2018","status":"publish","type":"page","link":"https:\/\/osfm-sport.splet.arnes.si\/?page_id=1235","title":{"rendered":"Uspehi  \u0161ol. leto 2017 &#8211; 2018"},"content":{"rendered":"<p><strong><span style=\"color: #0000ff;text-decoration: underline\">Ob\u010dinsko prvenstvo v\u00a0odbojki na mivki de\u010dki &#8211; Hru\u0161evec, 7. 6. 2018<\/span><\/strong><\/p>\n<ul>\n<li>2. mesto<\/li>\n<\/ul>\n<p>&nbsp;<\/p>\n<p><span style=\"color: #0000ff\"><strong>Finale\u00a0dr\u017eavnega prvenstva v atletiki za Veliki (VAP) in mali (MAP) atletski pokal &#8211; \u017dalec, 5. 6. 2018<\/strong><\/span><\/p>\n<ul>\n<li>2. mesto:\n<ul>\n<li>Modic Urban &#8211; vi\u0161ina MAP<\/li>\n<\/ul>\n<\/li>\n<\/ul>\n<p>&nbsp;<\/p>\n<p><span style=\"color: #0000ff;text-decoration: underline\"><strong>Ob\u010dinsko prvenstvo v ATLETSKEM TROBOJU za 5. razred in mlaj\u0161e &#8211; \u0160entjur, 31. 5. 2018<\/strong><br \/>\n<\/span><\/p>\n<ul>\n<li>1. mesto:\n<ul>\n<li>Spolenak Tja\u0161a, deklice posamezno<\/li>\n<li>Dobovi\u0161ek Nej, de\u010dki posamezno<\/li>\n<li>O\u0160 FM \u0160entjur 1 de\u010dki (Dobovi\u0161ek Nej, Bohor\u010d Matija, Artnak Martin, \u010colovi\u0107 Luka), EKIPNO de\u010dki<\/li>\n<li>O\u0160 FM \u0160entjur 1 deklice (Spolenak Tja\u0161a, Ur\u0161ka Ogrizek, Jager Lara, Seli\u010d Anja), EKIPNO deklice<\/li>\n<\/ul>\n<\/li>\n<li>2. mesto:\n<ul>\n<li>Ogrizek Ur\u0161ka, deklice\u00a0posamezno<\/li>\n<\/ul>\n<\/li>\n<\/ul>\n<p>&nbsp;<\/p>\n<p><span style=\"color: #0000ff\"><strong>Finale podro\u010dnega prvenstva v atletiki za Veliki (VAP) in mali (MAP) atletski pokal &#8211; Celje, 23. 5. 2018<\/strong><\/span><\/p>\n<ul>\n<li>1. mesto:\n<ul>\n<li>Modic Urban &#8211; vi\u0161ina MAP<\/li>\n<\/ul>\n<\/li>\n<li>3. mesto:\n<ul>\n<li>Artnak Ne\u017ea &#8211; 1000m VAP<\/li>\n<\/ul>\n<\/li>\n<li>6. mesto:\n<ul>\n<li>O\u0160 Franja Malgaja \u0160entjur &#8211; 4 x 100m VAP (Ip\u0161ek \u0160pela, Nina Hauc, \u017diva Dren, Tajda Zalokar)<\/li>\n<\/ul>\n<\/li>\n<\/ul>\n<p>&nbsp;<\/p>\n<p><span style=\"color: #0000ff\"><strong><u>Ob\u010dinsko prvenstvo v ATLETIKI za MALI in VELIKI ATLETSKI POKAL &#8211; \u0160entjur, 11. 5. 2018<\/u><\/strong><\/span><\/p>\n<ul>\n<li>1. mesto:\n<ul>\n<li>Dren \u017diva &#8211; 60m VAP<\/li>\n<li>Jakon\u010di\u010d Ian &#8211; 60m VAP<\/li>\n<li>O\u0160 Franja Malgaja; 4 x 100m &#8211; Opre\u0161nik Ja\u0161a, Bender Enej, Voga Andra\u017e, Jakon\u010di\u010d Ian- VAP \u017d<\/li>\n<li>Pe\u010dnik Ema &#8211; 60m MAP<\/li>\n<li>Ogrizek Ana &#8211; 600m MAP<\/li>\n<li>Spolenak Tja\u0161a &#8211; vortex MAP<\/li>\n<li>Voga Andra\u017e &#8211; 60m MAP<\/li>\n<li>Kosi Valentin &#8211; 300m MAP<\/li>\n<li>Cmok Jakob &#8211; 600m MAP<\/li>\n<li>Modic Urban &#8211; vi\u0161ina MAP<\/li>\n<\/ul>\n<\/li>\n<li>2. mesto:\n<ul>\n<li>Rov\u0161nik Tja\u0161a &#8211; 300m VAP<\/li>\n<li>O\u0160 Franja Malgaja; 4 x 100m &#8211; Spolenak Tja\u0161a, Pe\u010dnik Ema, Klako\u010der Klara, Dren \u017diva &#8211; VAP \u017d<\/li>\n<li>Bender Enej &#8211; 60m VAP<\/li>\n<li>Pavli\u010d Jan &#8211; 300m VAP<\/li>\n<li>Ogrizek Ur\u0161ka &#8211; 600m MAP<\/li>\n<li>Kov\u010de Ema &#8211; vi\u0161ina MAP<\/li>\n<li>Artnak Martin 300m MAP<\/li>\n<\/ul>\n<\/li>\n<li>3. mesto\n<ul>\n<li>Klako\u010der Klara &#8211; vi\u0161ina VAP<\/li>\n<li>Pajk Ga\u0161per &#8211; vortex VAP<\/li>\n<li>Ma\u010dek Lavra &#8211; daljina MAP<\/li>\n<li>Jager Lara &#8211; vi\u0161ina MAP<\/li>\n<li>Ocvirk Zoja &#8211; vortex MAP<\/li>\n<li>Cmok Filip 300m MAP<\/li>\n<li>\u010cmer Stra\u0161ek \u017diga &#8211; vi\u0161ina MAP<\/li>\n<\/ul>\n<\/li>\n<\/ul>\n<p>&nbsp;<\/p>\n<p><span style=\"color: #0000ff;text-decoration: underline\">Ob\u010dinsko prvenstvo v\u00a0malem nogometu\u00a0ml. deklice &#8211; Loka pri \u017dusmu, 19. 4. 2018<\/span><\/p>\n<ul>\n<li>2. mesto<\/li>\n<\/ul>\n<p>&nbsp;<\/p>\n<p><span style=\"color: #0000ff;text-decoration: underline\">Ob\u010dinsko prvenstvo v\u00a0malem nogometu\u00a0ml. de\u010dki &#8211; Planina, 16. 4. 2018<\/span><\/p>\n<ul>\n<li>2. mesto<\/li>\n<\/ul>\n<p>&nbsp;<\/p>\n<p><span style=\"color: #0000ff;text-decoration: underline\">Dr\u017eavno\u00a0prvenstvo v krosu\u00a0 &#8211; Maribor, 19. 4. 2018<\/span><\/p>\n<ul>\n<li>2. mesto:\n<ul>\n<li>EKIPA 5. razred (Martin Artnak, Ur\u0161ka Ogrizek, Tinkara Trobec, Gal Kumer)<\/li>\n<\/ul>\n<\/li>\n<li>3. mesto:\n<ul>\n<li>Martin Artnak, 5. raz<\/li>\n<\/ul>\n<\/li>\n<li>4. mesto:\n<ul>\n<li>Ur\u0161ka Ogrizek, 5. raz<\/li>\n<\/ul>\n<\/li>\n<li>11. mesto\n<ul>\n<li>Ne\u017ea Artnak 9. raz<\/li>\n<li>EKIPA O\u0160 Franja Malgaja \u0160entjur (Martin Artnak\/3. mesto, Ur\u0161ka Ogrizek\/4., Ne\u017ea Artnak\/11., Jakob Cmok\/12, Tinkara Trobec\/17., Ana Ogrizek\/23, Jan Pavli\u010d\/30., \u0160pela Ip\u0161ek\/36.)<\/li>\n<\/ul>\n<\/li>\n<li>12. mesto\n<ul>\n<li>Jakob Cmok 6. raz<\/li>\n<\/ul>\n<\/li>\n<li>17. mesto:\n<ul>\n<li>Tinkara Trobec, 5. raz<\/li>\n<\/ul>\n<\/li>\n<\/ul>\n<p>&nbsp;<\/p>\n<p><strong><span style=\"color: #0000ff;text-decoration: underline\">Dr\u017eavno\u00a0prvenstvo v\u00a0\u0161portnem plezanju st. de\u010dki\u00a0 (licencirani) &#8211; Vojnik, 14. 4. 2018<\/span><\/strong><\/p>\n<ul>\n<li>8. mesto:\n<ul>\n<li>Lan Mastnak<\/li>\n<\/ul>\n<\/li>\n<\/ul>\n<p>&nbsp;<\/p>\n<p><span style=\"color: #0000ff;text-decoration: underline\">Ob\u010dinsko prvenstvo v krosu (spomladansko) &#8211; Gorica pri Slivnici, 10. 4. 2018<\/span><\/p>\n<ul>\n<li>1. mesto:\n<ul>\n<li>Martin Artnak, 5. raz<\/li>\n<li>Ur\u0161ka Ogrizek, 5. raz<\/li>\n<li>Jakob Cmok, 6. raz<\/li>\n<li>\u00a0Jan Pavli\u010d, 8. raz<\/li>\n<li>\u00a0\u0160pela Ip\u0161ek, 8. raz<\/li>\n<li>Ne\u017ea Artnak 9. raz<\/li>\n<\/ul>\n<\/li>\n<li>2. mesto:\n<ul>\n<li>Ana Ogrizek 5. raz<\/li>\n<li>Nej Dobovi\u0161ek, 5. raz<\/li>\n<\/ul>\n<\/li>\n<li>3. mesto\n<ul>\n<li>Tim Stra\u0161ek 6. raz<\/li>\n<li>Gal Kumer, 5. raz<\/li>\n<\/ul>\n<\/li>\n<\/ul>\n<p>&nbsp;<\/p>\n<p><span style=\"color: #0000ff;text-decoration: underline\">Ob\u010dinsko prvenstvo v\u00a0mali odbojki\u00a0ml. de\u010dki &#8211; Planina, 26. 3. 2018<\/span><\/p>\n<ul>\n<li>2. mesto:\n<ul>\n<li>Matic Kolar,\u00a0Jakob \u010colovi\u0107, Nejc Naprudnik, Antonio \u0160aki\u0107, Urban Modic, Luka Rezar, \u017diga \u010cmer Stra\u0161ek, Tilen Mulej \u00a0in Alen Seli\u010d.<\/li>\n<\/ul>\n<\/li>\n<\/ul>\n<p>&nbsp;<\/p>\n<p><span style=\"color: #0000ff;text-decoration: underline\">Dr\u017eavno\u00a0\u00a0prvenstvo v\u00a0smu\u010danju (VELESLALOM) &#8211;\u00a0Krvavec, 20. 3. 2018<\/span><\/p>\n<ul>\n<li>9. mesto:\n<ul>\n<li>EKIPNO st. u\u010denci-ke; An\u017ee Vodeb, Miha Ferle\u017e, Jakob Arli\u010d,\u00a0Lara Cerar, Enja Ocvirk<\/li>\n<\/ul>\n<\/li>\n<\/ul>\n<p><span style=\"color: #0000ff;text-decoration: underline\">Podro\u010dno \u00a0prvenstvo v\u00a0rokometu mlaj\u0161i de\u010dki &#8211; Celje, 16. 3. 2018<\/span><\/p>\n<ul>\n<li>4. mesto:\n<ul>\n<li>Mi\u0161o Lev Kolar, Matic Kolar, Andra\u017e Voga, Gregor Gazvoda, Jakob \u010colovi\u0107, Antonio \u0160aki\u0107, Urban Modic,\u00a0\u017diga \u010cmer Stra\u0161ek.<\/li>\n<\/ul>\n<\/li>\n<\/ul>\n<p>&nbsp;<\/p>\n<p><span style=\"color: #0000ff;text-decoration: underline\">Ob\u010dinsko prvenstvo v\u00a0rokometu ml. de\u010dki &#8211; Planina, 6. 3. 2018<\/span><\/p>\n<ul>\n<li>1. mesto:\n<ul>\n<li>Mi\u0161o Lev Kolar, Matic Kolar, Andra\u017e Voga, Gregor Gazvoda, Jakob \u010colovi\u0107, Antonio \u0160aki\u0107, Urban Modic, Luka Rezar, \u017diga \u010cmer Stra\u0161ek, Tilen Mulej, Ja\u0161a Vre\u010dko, Rok Kunsti\u010d in Alen Seli\u010d.<\/li>\n<\/ul>\n<\/li>\n<\/ul>\n<p><span style=\"color: #0000ff;text-decoration: underline\">Podro\u010dno \u00a0prvenstvo v\u00a0smu\u010danju (VELESLALOM) &#8211; Golte, 15. 2. 2018<\/span><\/p>\n<ul>\n<li>2. mesto:\n<ul>\n<li>EKIPNO st. u\u010denci-ke; An\u017ee Vodeb, Miha Ferle\u017e, Jakob Arli\u010d, Tajda Zalokar, Lara Cerar, Enja Ocvirk<\/li>\n<li>Jan Lujanac (mlaj\u0161i u\u010denci &#8211; kategorizirani)<\/li>\n<\/ul>\n<\/li>\n<li>3. mesto:\n<ul>\n<li>Tajda Zalokar (starej\u0161e u\u010denke &#8211; nekategorizirane)<\/li>\n<\/ul>\n<\/li>\n<li>5. mesto:\n<ul>\n<li>Jakob \u010colovi\u010d (mlaj\u0161i u\u010denci &#8211; nekategorizirani)<\/li>\n<\/ul>\n<\/li>\n<\/ul>\n<p>&nbsp;<\/p>\n<p><span style=\"color: #0000ff;text-decoration: underline\">Ob\u010dinsko prvenstvo v\u00a0ko\u0161arki ml. deklice &#8211; Hru\u0161evec, 29. 1. 2018<\/span><\/p>\n<ul>\n<li>1. mesto:\n<ul>\n<li>Berglez Leja, Fendra Pija, Golob Lorger \u0160pela, Kukovi\u010di\u010d Eva, Kos Ula, Kov\u010de Ema, Ma\u010dek Lavra, Ocvirk Zoja, Pe\u010dnik Ema, Seli\u010d Anja, Trobec Tinkara, Vojsk Nu\u0161a.<\/li>\n<\/ul>\n<\/li>\n<\/ul>\n<p>&nbsp;<\/p>\n<p><span style=\"color: #0000ff;text-decoration: underline\">Podro\u010dno \u00a0prvenstvo v\u00a0odbojki\u00a0st. de\u010dki &#8211; Braslov\u010de, 10. 1. 2018<\/span><\/p>\n<ul>\n<li>4. mesto:\n<ul>\n<li>Miha\u00a0Naprudnik, Miha Ferle\u017e,\u00a0Aleks Gajani\u0107, David Vehovar, Jan Pavli\u010d, Ambro\u017e Leban, Kevin Sever<\/li>\n<\/ul>\n<\/li>\n<\/ul>\n<p>&nbsp;<\/p>\n<p><span style=\"color: #0000ff;text-decoration: underline\">Ob\u010dinsko prvenstvo v\u00a0namiznem tenisu &#8211; Planina, 4. 1. 2018<\/span><\/p>\n<ul>\n<li>1. mesto:\n<ul>\n<li>David Vehovar starej\u0161i u\u010denci<\/li>\n<li>Jakob Cmok mlaj\u0161i de\u010dki<\/li>\n<\/ul>\n<\/li>\n<\/ul>\n<p>&nbsp;<\/p>\n<p><span style=\"color: #0000ff;text-decoration: underline\">Ob\u010dinsko prvenstvo v\u00a0odbojki\u00a0st. de\u010dki &#8211; Ponikva, 14. 12. 2017<\/span><\/p>\n<ul>\n<li>1. mesto:\n<ul>\n<li>Miha\u00a0Naprudnik, Miha Ferle\u017e, David Vehovar,\u00a0Ambro\u017e Leban, Ga\u0161per Pajk, Jan Pavli\u010d, Alex Gajani\u0107 in Kevin Sever.<\/li>\n<\/ul>\n<\/li>\n<\/ul>\n<p>&nbsp;<\/p>\n<p><span style=\"color: #0000ff;text-decoration: underline\">Podro\u010dno \u00a0prvenstvo v\u00a0rokometu\u00a0st. de\u010dki &#8211; Celje, 4. 12. 2017<\/span><\/p>\n<ul>\n<li>4. mesto:\n<ul>\n<li>\u017dan Hli\u0161, Miha\u00a0Naprudnik, Miha Ferle\u017e, Bla\u017e Hercog, David Vehovar, Ian Jakon\u010di\u010d, Ambro\u017e Leban<\/li>\n<\/ul>\n<\/li>\n<\/ul>\n<p>&nbsp;<\/p>\n<p><span style=\"color: #0000ff;text-decoration: underline\">Ob\u010dinsko prvenstvo v\u00a0rokometu\u00a0st. de\u010dki &#8211; Ponikva, 9. 11. 2017<\/span><\/p>\n<ul>\n<li>1. mesto:\n<ul>\n<li>\u017dan Hli\u0161, Miha\u00a0Naprudnik, Miha Ferle\u017e, Bla\u017e Hercog, David Vehovar, Ian Jakon\u010di\u010d, Ambro\u017e Leban, Aleksander Ko\u017eelj<\/li>\n<\/ul>\n<\/li>\n<\/ul>\n<p><a href=\"http:\/\/osfm-sport.splet.arnes.si\/files\/2017\/09\/IMG_0136.jpg\"><img loading=\"lazy\" decoding=\"async\" class=\"aligncenter size-medium wp-image-1489\" src=\"http:\/\/osfm-sport.splet.arnes.si\/files\/2017\/09\/IMG_0136-300x225.jpg\" alt=\"\" width=\"300\" height=\"225\" srcset=\"https:\/\/osfm-sport.splet.arnes.si\/files\/2017\/09\/IMG_0136-300x225.jpg 300w, https:\/\/osfm-sport.splet.arnes.si\/files\/2017\/09\/IMG_0136-768x576.jpg 768w, https:\/\/osfm-sport.splet.arnes.si\/files\/2017\/09\/IMG_0136-1024x768.jpg 1024w, https:\/\/osfm-sport.splet.arnes.si\/files\/2017\/09\/IMG_0136-510x382.jpg 510w, https:\/\/osfm-sport.splet.arnes.si\/files\/2017\/09\/IMG_0136-1080x810.jpg 1080w\" sizes=\"(max-width: 300px) 100vw, 300px\" \/><\/a><\/p>\n<p>&nbsp;<\/p>\n<p><span style=\"color: #0000ff\"><u>Dr\u017eavno prvenstvo v\u00a0uli\u010dnem teku (Ljubljanski maraton) \u2013 Ljubljana, 28. 10. 2017<\/u><\/span><\/p>\n<ul>\n<li>4. mesto Jakob Cmok\u00a06. raz de\u010dki (2km)<\/li>\n<\/ul>\n<p><a href=\"http:\/\/osfm-sport.splet.arnes.si\/files\/2017\/09\/jakob.jpg\"><img loading=\"lazy\" decoding=\"async\" class=\"aligncenter size-medium wp-image-1477\" src=\"http:\/\/osfm-sport.splet.arnes.si\/files\/2017\/09\/jakob-225x300.jpg\" alt=\"\" width=\"225\" height=\"300\" srcset=\"https:\/\/osfm-sport.splet.arnes.si\/files\/2017\/09\/jakob-225x300.jpg 225w, https:\/\/osfm-sport.splet.arnes.si\/files\/2017\/09\/jakob-768x1024.jpg 768w, https:\/\/osfm-sport.splet.arnes.si\/files\/2017\/09\/jakob-1080x1440.jpg 1080w\" sizes=\"(max-width: 225px) 100vw, 225px\" \/><\/a><\/p>\n<p>&nbsp;<\/p>\n<p><span style=\"color: #0000ff;text-decoration: underline\">Ob\u010dinsko prvenstvo v\u00a0ko\u0161arki\u00a0st. de\u010dki &#8211; Ponikva, 26. 10. 2017<\/span><\/p>\n<ul>\n<li>1. mesto:\n<ul>\n<li>Miha\u00a0Naprudnik, Ga\u0161per Pajk, Tilen Mulej, Jan Pavli\u010d, \u017diga \u010cmer \u00a0Stra\u0161ek ,\u00a0 Ja\u0161a Vre\u010dko, Miha Ferle\u017e, Bla\u017e Hercog, David Vehovar, Jakob Arli\u010d, Ian Jakon\u010di\u010d, Ambro\u017e Leban<\/li>\n<\/ul>\n<\/li>\n<\/ul>\n<p><a href=\"http:\/\/osfm-sport.splet.arnes.si\/files\/2017\/09\/20171026_160038.jpg\"><img loading=\"lazy\" decoding=\"async\" class=\"aligncenter size-medium wp-image-1455\" src=\"http:\/\/osfm-sport.splet.arnes.si\/files\/2017\/09\/20171026_160038-300x225.jpg\" alt=\"\" width=\"300\" height=\"225\" srcset=\"https:\/\/osfm-sport.splet.arnes.si\/files\/2017\/09\/20171026_160038-300x225.jpg 300w, https:\/\/osfm-sport.splet.arnes.si\/files\/2017\/09\/20171026_160038-768x576.jpg 768w, https:\/\/osfm-sport.splet.arnes.si\/files\/2017\/09\/20171026_160038-1024x768.jpg 1024w, https:\/\/osfm-sport.splet.arnes.si\/files\/2017\/09\/20171026_160038-510x382.jpg 510w, https:\/\/osfm-sport.splet.arnes.si\/files\/2017\/09\/20171026_160038-1080x810.jpg 1080w\" sizes=\"(max-width: 300px) 100vw, 300px\" \/><\/a><\/p>\n<p><span style=\"color: #0000ff;text-decoration: underline\">Ob\u010dinsko prvenstvo v krosu (jesensko) &#8211; \u0160entjur, 9. 10. 2017<\/span><\/p>\n<ul>\n<li>1. mesto:\n<ul>\n<li>Martin Artnak, 5. raz<\/li>\n<li>Ur\u0161ka Ogrizek, 5. raz<\/li>\n<li>Jakob Cmok, 6. raz<\/li>\n<li>\u00a0Tilen Mulej, 7. raz<\/li>\n<li>\u00a0Jan Pavli\u010d, 8. raz<\/li>\n<li>\u00a0Tajda Zalokar, 8. raz<\/li>\n<li>EKIPNO DEKLICE<\/li>\n<li>EKIPNO DE\u010cKI<\/li>\n<\/ul>\n<\/li>\n<li>2. mesto:\n<ul>\n<li>Gal Kumer, 5.raz<\/li>\n<li>Andra\u017e Voga, 7. raz<\/li>\n<li>Ula Kos, 7. raz<\/li>\n<li>\u0160pela Ip\u0161ek, 8. raz<\/li>\n<li>Ne\u017ea Artnak 9. raz<\/li>\n<\/ul>\n<\/li>\n<li>3. mesto\n<ul>\n<li>Nej Dobovi\u0161ek, 5. raz<\/li>\n<li>Ema Pe\u010dnik, 6. raz<\/li>\n<li>Miha Ferle\u017e, 9. raz<\/li>\n<\/ul>\n<\/li>\n<\/ul>\n<p><a href=\"http:\/\/osfm-sport.splet.arnes.si\/files\/2017\/09\/medalje.jpg\"><img loading=\"lazy\" decoding=\"async\" class=\"aligncenter size-medium wp-image-1375\" src=\"http:\/\/osfm-sport.splet.arnes.si\/files\/2017\/09\/medalje-300x193.jpg\" alt=\"\" width=\"300\" height=\"193\" srcset=\"https:\/\/osfm-sport.splet.arnes.si\/files\/2017\/09\/medalje-300x193.jpg 300w, https:\/\/osfm-sport.splet.arnes.si\/files\/2017\/09\/medalje-768x495.jpg 768w, https:\/\/osfm-sport.splet.arnes.si\/files\/2017\/09\/medalje-1024x659.jpg 1024w, https:\/\/osfm-sport.splet.arnes.si\/files\/2017\/09\/medalje-1080x696.jpg 1080w\" sizes=\"(max-width: 300px) 100vw, 300px\" \/><\/a><\/p>\n<p>&nbsp;<\/p>\n<p><u><span style=\"color: #0000ff\">Ob\u010dinsko prvenstvo v malem nogometu- \u0160entjur, 29. 9. 2017<\/span><\/u><\/p>\n<p>1. mesto:<br \/>\nMo\u010dnik Alja\u017e, Vodeb An\u017ee, Alex Gajani\u0107, Bender Anej, Ko\u017eelj Aleksander, Bi\u0161\u010dan Denis, Veber Tilen, Veber Tim in Ga\u0161per Pajk<\/p>\n<p><a href=\"http:\/\/osfm-sport.splet.arnes.si\/files\/2017\/09\/DSC_2091.jpg\"><img loading=\"lazy\" decoding=\"async\" class=\"aligncenter size-medium wp-image-1321\" src=\"http:\/\/osfm-sport.splet.arnes.si\/files\/2017\/09\/DSC_2091-300x200.jpg\" alt=\"\" width=\"300\" height=\"200\" srcset=\"https:\/\/osfm-sport.splet.arnes.si\/files\/2017\/09\/DSC_2091-300x200.jpg 300w, https:\/\/osfm-sport.splet.arnes.si\/files\/2017\/09\/DSC_2091-768x512.jpg 768w, https:\/\/osfm-sport.splet.arnes.si\/files\/2017\/09\/DSC_2091-1024x683.jpg 1024w, https:\/\/osfm-sport.splet.arnes.si\/files\/2017\/09\/DSC_2091-1080x721.jpg 1080w\" sizes=\"(max-width: 300px) 100vw, 300px\" \/><\/a><\/p>\n","protected":false},"excerpt":{"rendered":"<p>Ob\u010dinsko prvenstvo v\u00a0odbojki na mivki de\u010dki &#8211; Hru\u0161evec, 7. 6. 2018 2. mesto &nbsp; Finale\u00a0dr\u017eavnega prvenstva v atletiki za Veliki (VAP) in mali (MAP) atletski pokal &#8211; \u017dalec, 5. 6. 2018 2. mesto: Modic Urban &#8211; vi\u0161ina MAP &nbsp; Ob\u010dinsko prvenstvo v ATLETSKEM TROBOJU za 5. razred in mlaj\u0161e &#8211; \u0160entjur, 31. 5. 2018 1. [&hellip;]<\/p>\n","protected":false},"author":5967,"featured_media":0,"parent":0,"menu_order":0,"comment_status":"closed","ping_status":"closed","template":"","meta":{"_et_pb_use_builder":"","_et_pb_old_content":"","_et_gb_content_width":"","ngg_post_thumbnail":0,"footnotes":"","_expiration-date-status":"saved","_expiration-date":0,"_expiration-date-type":"","_expiration-date-categories":[],"_expiration-date-options":[]},"class_list":["post-1235","page","type-page","status-publish","hentry"],"_links":{"self":[{"href":"https:\/\/osfm-sport.splet.arnes.si\/index.php?rest_route=\/wp\/v2\/pages\/1235","targetHints":{"allow":["GET"]}}],"collection":[{"href":"https:\/\/osfm-sport.splet.arnes.si\/index.php?rest_route=\/wp\/v2\/pages"}],"about":[{"href":"https:\/\/osfm-sport.splet.arnes.si\/index.php?rest_route=\/wp\/v2\/types\/page"}],"author":[{"embeddable":true,"href":"https:\/\/osfm-sport.splet.arnes.si\/index.php?rest_route=\/wp\/v2\/users\/5967"}],"replies":[{"embeddable":true,"href":"https:\/\/osfm-sport.splet.arnes.si\/index.php?rest_route=%2Fwp%2Fv2%2Fcomments&post=1235"}],"version-history":[{"count":38,"href":"https:\/\/osfm-sport.splet.arnes.si\/index.php?rest_route=\/wp\/v2\/pages\/1235\/revisions"}],"predecessor-version":[{"id":2341,"href":"https:\/\/osfm-sport.splet.arnes.si\/index.php?rest_route=\/wp\/v2\/pages\/1235\/revisions\/2341"}],"wp:attachment":[{"href":"https:\/\/osfm-sport.splet.arnes.si\/index.php?rest_route=%2Fwp%2Fv2%2Fmedia&parent=1235"}],"curies":[{"name":"wp","href":"https:\/\/api.w.org\/{rel}","templated":true}]}}